{"version":"1.0","provider_name":"Tu Gu\u00eda","provider_url":"https:\/\/tuguia.combarranquilla.co\/Revista","author_name":"Comunicaciones Combarranquilla","author_url":"https:\/\/tuguia.combarranquilla.co\/Revista\/author\/comunicaciones\/","title":"Post\u00falate a la beca de programas t\u00e9cnico laborales - Tu Gu\u00eda","type":"rich","width":600,"height":338,"html":"<blockquote class=\"wp-embedded-content\" data-secret=\"662yvfizNq\"><a href=\"https:\/\/tuguia.combarranquilla.co\/Revista\/postulate-a-la-beca-de-programas-tecnico-laborales\/\">Post\u00falate a la beca de programas t\u00e9cnico laborales<\/a><\/blockquote><iframe sandbox=\"allow-scripts\" security=\"restricted\" src=\"https:\/\/tuguia.combarranquilla.co\/Revista\/postulate-a-la-beca-de-programas-tecnico-laborales\/embed\/#?secret=662yvfizNq\" width=\"600\" height=\"338\" title=\"&#8220;Post\u00falate a la beca de programas t\u00e9cnico laborales&#8221; &#8212; Tu Gu\u00eda\" data-secret=\"662yvfizNq\" frameborder=\"0\" marginwidth=\"0\" marginheight=\"0\" scrolling=\"no\" class=\"wp-embedded-content\"><\/iframe><script>\n\/*! This file is auto-generated *\/\n!function(d,l){\"use strict\";l.querySelector&&d.addEventListener&&\"undefined\"!=typeof URL&&(d.wp=d.wp||{},d.wp.receiveEmbedMessage||(d.wp.receiveEmbedMessage=function(e){var t=e.data;if((t||t.secret||t.message||t.value)&&!\/[^a-zA-Z0-9]\/.test(t.secret)){for(var s,r,n,a=l.querySelectorAll('iframe[data-secret=\"'+t.secret+'\"]'),o=l.querySelectorAll('blockquote[data-secret=\"'+t.secret+'\"]'),c=new RegExp(\"^https?:$\",\"i\"),i=0;i<o.length;i++)o[i].style.display=\"none\";for(i=0;i<a.length;i++)s=a[i],e.source===s.contentWindow&&(s.removeAttribute(\"style\"),\"height\"===t.message?(1e3<(r=parseInt(t.value,10))?r=1e3:~~r<200&&(r=200),s.height=r):\"link\"===t.message&&(r=new URL(s.getAttribute(\"src\")),n=new URL(t.value),c.test(n.protocol))&&n.host===r.host&&l.activeElement===s&&(d.top.location.href=t.value))}},d.addEventListener(\"message\",d.wp.receiveEmbedMessage,!1),l.addEventListener(\"DOMContentLoaded\",function(){for(var e,t,s=l.querySelectorAll(\"iframe.wp-embedded-content\"),r=0;r<s.length;r++)(t=(e=s[r]).getAttribute(\"data-secret\"))||(t=Math.random().toString(36).substring(2,12),e.src+=\"#?secret=\"+t,e.setAttribute(\"data-secret\",t)),e.contentWindow.postMessage({message:\"ready\",secret:t},\"*\")},!1)))}(window,document);\n<\/script>\n","thumbnail_url":"https:\/\/tuguia.combarranquilla.co\/Revista\/wp-content\/uploads\/2023\/06\/BECAS-Mesa-de-trabajo-1.png","thumbnail_width":1080,"thumbnail_height":1080,"description":"\u00bfTe gustar\u00eda adquirir habilidades, y abrir nuevas puertas en tu carrera profesional? \u00a1Esta es tu oportunidad! Combarranquilla junto con su centro de formaci\u00f3n se interesa en promover la educaci\u00f3n de los j\u00f3venes para que puedan cumplir todos sus sue\u00f1os como profesionales. Con el prop\u00f3sito de incentivar la educaci\u00f3n, el Centro de formaci\u00f3n Combarranquilla otorgar\u00e1 becas [&hellip;]"}