{"version":"1.0","provider_name":"Tu Gu\u00eda","provider_url":"https:\/\/tuguia.combarranquilla.co\/Revista","author_name":"Comunicaciones Combarranquilla","author_url":"https:\/\/tuguia.combarranquilla.co\/Revista\/author\/comunicaciones\/","title":"Post\u00falate a la beca de programas t\u00e9cnicos laborales - Tu Gu\u00eda","type":"rich","width":600,"height":338,"html":"<blockquote class=\"wp-embedded-content\" data-secret=\"9YRGOUcW8f\"><a href=\"https:\/\/tuguia.combarranquilla.co\/Revista\/postulate-a-la-beca-de-programas-tecnicos-laborales\/\">Post\u00falate a la beca de programas t\u00e9cnicos laborales<\/a><\/blockquote><iframe sandbox=\"allow-scripts\" security=\"restricted\" src=\"https:\/\/tuguia.combarranquilla.co\/Revista\/postulate-a-la-beca-de-programas-tecnicos-laborales\/embed\/#?secret=9YRGOUcW8f\" width=\"600\" height=\"338\" title=\"&#8220;Post\u00falate a la beca de programas t\u00e9cnicos laborales&#8221; &#8212; Tu Gu\u00eda\" data-secret=\"9YRGOUcW8f\" frameborder=\"0\" marginwidth=\"0\" marginheight=\"0\" scrolling=\"no\" class=\"wp-embedded-content\"><\/iframe><script>\n\/*! This file is auto-generated *\/\n!function(d,l){\"use strict\";l.querySelector&&d.addEventListener&&\"undefined\"!=typeof URL&&(d.wp=d.wp||{},d.wp.receiveEmbedMessage||(d.wp.receiveEmbedMessage=function(e){var t=e.data;if((t||t.secret||t.message||t.value)&&!\/[^a-zA-Z0-9]\/.test(t.secret)){for(var s,r,n,a=l.querySelectorAll('iframe[data-secret=\"'+t.secret+'\"]'),o=l.querySelectorAll('blockquote[data-secret=\"'+t.secret+'\"]'),c=new RegExp(\"^https?:$\",\"i\"),i=0;i<o.length;i++)o[i].style.display=\"none\";for(i=0;i<a.length;i++)s=a[i],e.source===s.contentWindow&&(s.removeAttribute(\"style\"),\"height\"===t.message?(1e3<(r=parseInt(t.value,10))?r=1e3:~~r<200&&(r=200),s.height=r):\"link\"===t.message&&(r=new URL(s.getAttribute(\"src\")),n=new URL(t.value),c.test(n.protocol))&&n.host===r.host&&l.activeElement===s&&(d.top.location.href=t.value))}},d.addEventListener(\"message\",d.wp.receiveEmbedMessage,!1),l.addEventListener(\"DOMContentLoaded\",function(){for(var e,t,s=l.querySelectorAll(\"iframe.wp-embedded-content\"),r=0;r<s.length;r++)(t=(e=s[r]).getAttribute(\"data-secret\"))||(t=Math.random().toString(36).substring(2,12),e.src+=\"#?secret=\"+t,e.setAttribute(\"data-secret\",t)),e.contentWindow.postMessage({message:\"ready\",secret:t},\"*\")},!1)))}(window,document);\n<\/script>\n","thumbnail_url":"https:\/\/tuguia.combarranquilla.co\/Revista\/wp-content\/uploads\/2022\/12\/Slider-Convocatoria-Becas-Tecnicas.png","thumbnail_width":4000,"thumbnail_height":1667,"description":"Combarranquilla a trav\u00e9s de su Centro de Formaci\u00f3n se interesa y promueve la educaci\u00f3n de los j\u00f3venes para que as\u00ed puedan consolidar sus sue\u00f1os profesionales. Con el animo de incentivar la educaci\u00f3n, el Centro de Formaci\u00f3n Combarranquilla otorga becas del 100% de la matricula de programas t\u00e9cnicos laborales. Los programas tienen aproximadamente una duraci\u00f3n entre [&hellip;]"}