{"version":"1.0","provider_name":"Tu Gu\u00eda","provider_url":"https:\/\/tuguia.combarranquilla.co\/Revista","author_name":"Comunicaciones Combarranquilla","author_url":"https:\/\/tuguia.combarranquilla.co\/Revista\/author\/comunicaciones\/","title":"Sabor en Solinilla: festivales gastron\u00f3micos - Tu Gu\u00eda","type":"rich","width":600,"height":338,"html":"<blockquote class=\"wp-embedded-content\" data-secret=\"Y2O2S81Vtz\"><a href=\"https:\/\/tuguia.combarranquilla.co\/Revista\/sabor-en-solinilla-festivales-gastronomicos\/\">Sabor en Solinilla: festivales gastron\u00f3micos<\/a><\/blockquote><iframe sandbox=\"allow-scripts\" security=\"restricted\" src=\"https:\/\/tuguia.combarranquilla.co\/Revista\/sabor-en-solinilla-festivales-gastronomicos\/embed\/#?secret=Y2O2S81Vtz\" width=\"600\" height=\"338\" title=\"&#8220;Sabor en Solinilla: festivales gastron\u00f3micos&#8221; &#8212; Tu Gu\u00eda\" data-secret=\"Y2O2S81Vtz\" frameborder=\"0\" marginwidth=\"0\" marginheight=\"0\" scrolling=\"no\" class=\"wp-embedded-content\"><\/iframe><script>\n\/*! This file is auto-generated *\/\n!function(d,l){\"use strict\";l.querySelector&&d.addEventListener&&\"undefined\"!=typeof URL&&(d.wp=d.wp||{},d.wp.receiveEmbedMessage||(d.wp.receiveEmbedMessage=function(e){var t=e.data;if((t||t.secret||t.message||t.value)&&!\/[^a-zA-Z0-9]\/.test(t.secret)){for(var s,r,n,a=l.querySelectorAll('iframe[data-secret=\"'+t.secret+'\"]'),o=l.querySelectorAll('blockquote[data-secret=\"'+t.secret+'\"]'),c=new RegExp(\"^https?:$\",\"i\"),i=0;i<o.length;i++)o[i].style.display=\"none\";for(i=0;i<a.length;i++)s=a[i],e.source===s.contentWindow&&(s.removeAttribute(\"style\"),\"height\"===t.message?(1e3<(r=parseInt(t.value,10))?r=1e3:~~r<200&&(r=200),s.height=r):\"link\"===t.message&&(r=new URL(s.getAttribute(\"src\")),n=new URL(t.value),c.test(n.protocol))&&n.host===r.host&&l.activeElement===s&&(d.top.location.href=t.value))}},d.addEventListener(\"message\",d.wp.receiveEmbedMessage,!1),l.addEventListener(\"DOMContentLoaded\",function(){for(var e,t,s=l.querySelectorAll(\"iframe.wp-embedded-content\"),r=0;r<s.length;r++)(t=(e=s[r]).getAttribute(\"data-secret\"))||(t=Math.random().toString(36).substring(2,12),e.src+=\"#?secret=\"+t,e.setAttribute(\"data-secret\",t)),e.contentWindow.postMessage({message:\"ready\",secret:t},\"*\")},!1)))}(window,document);\n<\/script>\n","thumbnail_url":"https:\/\/tuguia.combarranquilla.co\/Revista\/wp-content\/uploads\/2026\/01\/90-1-scaled.jpg","thumbnail_width":2560,"thumbnail_height":1280,"description":"La gastronom\u00eda colombiana ser\u00e1 la protagonista en el Centro Recreacional Solinilla este fin de semana de Reyes. Del 10 al 12 de enero, todos podr\u00e1n disfrutar de dos festivales que resaltan el sabor caribe\u00f1o: el Festival del Frito y el Festival del Pescado. Conoce m\u00e1s de esta experiencia culinaria a continuaci\u00f3n. Un crujiente encanto: Festival [&hellip;]"}